{"id":17,"date":"2015-09-23T09:58:44","date_gmt":"2015-09-23T08:58:44","guid":{"rendered":"http:\/\/recherche-action.fr\/parcours-bruts\/?page_id=17"},"modified":"2015-09-23T09:58:44","modified_gmt":"2015-09-23T08:58:44","slug":"pratiques","status":"publish","type":"page","link":"https:\/\/recherche-action.fr\/parcours-bruts\/pratiques\/","title":{"rendered":"Pratiques"},"content":{"rendered":"<h2 style=\"text-align: justify\">Films \/ parcours d&rsquo;exp\u00e9rience<\/h2>\n<p style=\"text-align: justify\">Il s&rsquo;agit de r\u00e9aliser\u00a0des\u00a0entretiens film\u00e9s exposant les r\u00e9cits du v\u00e9cu\u00a0dans leur forme brute, les visions du monde, les valeurs, les pratiques, notamment au moment o\u00f9 des \u00ab\u00a0tournants\u00a0\u00bb se jouent dans la vie sociale (passage \u00e0 la \u00ab\u00a0vie active\u00a0\u00bb, engagements, rapports aux institutions&#8230;). Le temps de l&rsquo;entretien est \u00e9galement une mani\u00e8re diff\u00e9rente\u00a0d&rsquo;aborder l&rsquo;individu\u00a0en lui proposant d&rsquo;envisager son parcours enti\u00e8rement. Contrairement aux entretiens d&#8217;embauche, de s\u00e9lections, ou aux pr\u00e9sentations professionnelles classiques qui dissocient les histoires de vie en n&rsquo;y voyant que des statut sociaux, casquettes professionnelles ou dipl\u00f4mes, les entretiens de \u00ab\u00a0parcours bruts\u00a0\u00bb\u00a0constituent\u00a0un temps de r\u00e9flexion permettant \u00e0 la personne de retracer les liens entre tous les domaines du v\u00e9cu, et\u00a0d&rsquo;exprimer les tensions entre ses id\u00e9aux et les\u00a0r\u00e9alit\u00e9s sociales. Au del\u00e0 de l&rsquo;aspect filmique, ces r\u00e9cits d&rsquo;exp\u00e9rience participent \u00e0 la compr\u00e9hension du lien social tel qu&rsquo;il est et tel qu&rsquo;il nous \u00e9chappe. Ils concourent \u00e0 l&rsquo;expression et \u00e0 la l\u00e9gitimation de ce que sont \/ font les gens.<\/p>\n<h2 style=\"text-align: justify\">Faire \u00e9merger des espaces critiques<\/h2>\n<p style=\"text-align: justify\">Par le biais d&rsquo;ateliers, groupes de paroles, f\u00eates, projections de films, d\u00e9bats, conf\u00e9rences, rencontres publiques, concerts, il est n\u00e9cessaire de\u00a0faire \u00e9merger des espaces-temps d&rsquo;exercice de la critique et de la pens\u00e9e, comme une mani\u00e8re de souligner que les dimensions politiques de la vie en soci\u00e9t\u00e9 n&rsquo;\u00e9chappent pas totalement \u00e0 ceux qui la vivent.<\/p>\n<p style=\"text-align: justify\">Ces temps parfois publics, parfois plus confin\u00e9s, sont envisag\u00e9s comme des situations d&rsquo;\u00e9mergence de l&rsquo;existence politique. L\u00e0 o\u00f9 habituellement l&rsquo;humain est consid\u00e9r\u00e9 \u00ab\u00a0d&rsquo;en haut\u00a0\u00bb\u00a0comme un probl\u00e8me \u00e0 g\u00e9rer en tant qu&rsquo;habitant, salari\u00e9, consommateur, \u00e9lecteur, ch\u00f4meur, migrant, entrepreneur, ou m\u00eame \u00ab\u00a0public\u00a0\u00bb et spectateur, vou\u00e9 au silence, ces situations visent \u00e0 construire des paroles publiques et \u00e0 r\u00e9v\u00e9ler des engagements, c&rsquo;est \u00e0 dire des postures d&rsquo;acteur.<\/p>\n","protected":false},"excerpt":{"rendered":"<p>Films \/ parcours d&rsquo;exp\u00e9rience Il s&rsquo;agit de r\u00e9aliser\u00a0des\u00a0entretiens film\u00e9s exposant les r\u00e9cits du v\u00e9cu\u00a0dans leur forme brute, les visions du monde, les valeurs, les pratiques, notamment au moment o\u00f9 des [&hellip;]<\/p>\n","protected":false},"author":4,"featured_media":0,"parent":0,"menu_order":1,"comment_status":"closed","ping_status":"closed","template":"","meta":{"jetpack_post_was_ever_published":false,"footnotes":""},"class_list":["post-17","page","type-page","status-publish","hentry"],"jetpack_sharing_enabled":true,"jetpack_shortlink":"https:\/\/wp.me\/P7Azv0-h","_links":{"self":[{"href":"https:\/\/recherche-action.fr\/parcours-bruts\/wp-json\/wp\/v2\/pages\/17","targetHints":{"allow":["GET"]}}],"collection":[{"href":"https:\/\/recherche-action.fr\/parcours-bruts\/wp-json\/wp\/v2\/pages"}],"about":[{"href":"https:\/\/recherche-action.fr\/parcours-bruts\/wp-json\/wp\/v2\/types\/page"}],"author":[{"embeddable":true,"href":"https:\/\/recherche-action.fr\/parcours-bruts\/wp-json\/wp\/v2\/users\/4"}],"replies":[{"embeddable":true,"href":"https:\/\/recherche-action.fr\/parcours-bruts\/wp-json\/wp\/v2\/comments?post=17"}],"version-history":[{"count":0,"href":"https:\/\/recherche-action.fr\/parcours-bruts\/wp-json\/wp\/v2\/pages\/17\/revisions"}],"wp:attachment":[{"href":"https:\/\/recherche-action.fr\/parcours-bruts\/wp-json\/wp\/v2\/media?parent=17"}],"curies":[{"name":"wp","href":"https:\/\/api.w.org\/{rel}","templated":true}]}}