{"id":351,"date":"2020-04-11T20:07:44","date_gmt":"2020-04-11T18:07:44","guid":{"rendered":"http:\/\/recherche-action.fr\/peps\/?page_id=351"},"modified":"2020-04-11T20:07:44","modified_gmt":"2020-04-11T18:07:44","slug":"articles","status":"publish","type":"page","link":"https:\/\/recherche-action.fr\/revue-peps\/articles\/","title":{"rendered":"Articles"},"content":{"rendered":"\n<table id=\"posts-table-1\" class=\"posts-data-table\" data-page-length=\"20\" data-paging=\"true\" data-order='[[2, \"desc\"]]' data-click-filter=\"true\" data-scroll-offset=\"15\" cellspacing=\"0\" width=\"100%\"><thead><tr><th data-name=\"title\" data-priority=\"1\" data-width=\"\">Titre :<\/th><th data-name=\"content\" data-priority=\"5\" data-width=\"\">Exercices<\/th><th data-name=\"date\" data-priority=\"2\" data-width=\"\" data-order-data=\"5\">Dat\u00e9<\/th><th data-name=\"author\" data-priority=\"4\" data-width=\"\">Auteurs<\/th><th data-name=\"categories\" data-priority=\"7\" data-width=\"\">Cat\u00e9gories<\/th><th data-name=\"timestamp\" data-visible=\"false\"><\/th><\/tr><\/thead><tbody><tr><td><a href=\"https:\/\/recherche-action.fr\/revue-peps\/2021\/01\/08\/mouvements-sociaux-a-differentes-reflexions-et-actions-revendicatives\/\">Mouvements sociaux, diff\u00e9rentes r\u00e9flexions et actions revendicatives<\/a><\/td><td>Analyse sociologique des diff\u00e9rents articles publi\u00e9s dans PEPS du 1er au dernier num\u00e9ro, consacr\u00e9s aux &hellip;<\/td><td>2021\/01\/08<\/td><td><a href=\"https:\/\/recherche-action.fr\/revue-peps\/author\/lisra\/\" title=\"Articles de lisra\" rel=\"author\">lisra<\/a><\/td><td><a href=\"https:\/\/recherche-action.fr\/revue-peps\/category\/analyses\/\" rel=\"category tag\">Analyses<\/a><\/td><td>2021-01-08 17:51:03<\/td><\/tr><tr><td><a href=\"https:\/\/recherche-action.fr\/revue-peps\/2020\/05\/03\/vers-un-nouveau-projet-de-peps\/\">VERS UN NOUVEAU PROJET DE PEPS&#8230;<\/a><\/td><td>Plusieurs raisons ont conduit l&rsquo;association Paroles et Pratiques Sociales \u00e0 adopter un nouveau projet pour &hellip;<\/td><td>2020\/05\/03<\/td><td><a href=\"https:\/\/recherche-action.fr\/revue-peps\/author\/lisra\/\" title=\"Articles de lisra\" rel=\"author\">lisra<\/a><\/td><td><a href=\"https:\/\/recherche-action.fr\/revue-peps\/category\/no-52-53-nouvelles-approches\/\" rel=\"category tag\">No 52-53 - Nouvelles approches<\/a><\/td><td>2020-05-03 19:06:39<\/td><\/tr><tr><td><a href=\"https:\/\/recherche-action.fr\/revue-peps\/2020\/01\/01\/no-41-sommaire-edito-les-figures-de-linsertion\/\">No 41 &#8211; Sommaire \/ Edito &#8211; Les figures de l&rsquo;insertion<\/a><\/td><td>Les figures de l&rsquo;insertion Sommaire DOSSIER LES FIGURES DE L&rsquo;INSERTION Les apports successif de l&rsquo;immigration &hellip;<\/td><td>2020\/01\/01<\/td><td><a href=\"https:\/\/recherche-action.fr\/revue-peps\/author\/lisra\/\" title=\"Articles de lisra\" rel=\"author\">lisra<\/a><\/td><td><a href=\"https:\/\/recherche-action.fr\/revue-peps\/category\/no-41-les-figures-de-linsertion\/\" rel=\"category tag\">No 41 - Les figures de l'insertion<\/a><\/td><td>2020-01-01 11:20:00<\/td><\/tr><tr><td><a href=\"https:\/\/recherche-action.fr\/revue-peps\/1998\/01\/01\/no-58-59-sommaire-edito-sujets-et-institutions\/\">No 58-59 &#8211; Sommaire \/ Edito &#8211; Sujets et institutions<\/a><\/td><td>Sommaire AVANT PROPOS par Nadia HASSINE SUJET(S) ET INSTITUTION(S)DE FORMATION EN TRAVAIL SOCIAL par Patricia &hellip;<\/td><td>1998\/01\/01<\/td><td><a href=\"https:\/\/recherche-action.fr\/revue-peps\/author\/lisra\/\" title=\"Articles de lisra\" rel=\"author\">lisra<\/a><\/td><td><a href=\"https:\/\/recherche-action.fr\/revue-peps\/category\/no-58-59-sujets-et-institutions\/\" rel=\"category tag\">No 58-59 - Sujets et institutions<\/a><\/td><td>1998-01-01 18:41:00<\/td><\/tr><tr><td><a href=\"https:\/\/recherche-action.fr\/revue-peps\/1998\/01\/01\/no-56-57-sommaire-edito\/\">No 56\/57 &#8211; Sommaire \/ Edito<\/a><\/td><td>Sommaire A PROPOS DE \u00ab JUNIOR S\u2019ENTRA\u00ceNE TR\u00c8S FORT \u00bb P.6 En hommage \u00e0 C. &hellip;<\/td><td>1998\/01\/01<\/td><td><a href=\"https:\/\/recherche-action.fr\/revue-peps\/author\/lisra\/\" title=\"Articles de lisra\" rel=\"author\">lisra<\/a><\/td><td><a href=\"https:\/\/recherche-action.fr\/revue-peps\/category\/no-56-57-emergences-hip-hop-techno-et-autres-formes-culturelles\/\" rel=\"category tag\">No 56\/57 - \u00c9mergences (hip-hop, techno et autres formes culturelles)<\/a><\/td><td>1998-01-01 18:06:00<\/td><\/tr><tr><td><a href=\"https:\/\/recherche-action.fr\/revue-peps\/1997\/01\/01\/no-54-55-sommaire-edito-reconnaissance-et-validation-des-acquis\/\">No 54-55 &#8211; Sommaire \/ Edito &#8211; Reconnaissance et validation des acquis<\/a><\/td><td>Sommaire La reconnaissance et la validation des acquis La reconnaissance et la validation des acquis &hellip;<\/td><td>1997\/01\/01<\/td><td><a href=\"https:\/\/recherche-action.fr\/revue-peps\/author\/lisra\/\" title=\"Articles de lisra\" rel=\"author\">lisra<\/a><\/td><td><a href=\"https:\/\/recherche-action.fr\/revue-peps\/category\/no-54-55-reconnaissance-et-validation-des-acquis\/\" rel=\"category tag\">No 54-55 - Reconnaissance et validation des acquis<\/a><\/td><td>1997-01-01 18:33:00<\/td><\/tr><tr><td><a href=\"https:\/\/recherche-action.fr\/revue-peps\/1996\/07\/01\/no-52-53-sommaire-edito-nouvelles-approches\/\">No 52-53 &#8211; Sommaire \/ Edito &#8211; Nouvelles approches<\/a><\/td><td>Sommaire AVANT PROPOS PEPS ET LES ENJEUX SOCIAUX VERS UN NOUVEAU PROJET DE PEPS\u2026LES PAROLES &hellip;<\/td><td>1996\/07\/01<\/td><td><a href=\"https:\/\/recherche-action.fr\/revue-peps\/author\/lisra\/\" title=\"Articles de lisra\" rel=\"author\">lisra<\/a><\/td><td><a href=\"https:\/\/recherche-action.fr\/revue-peps\/category\/no-52-53-nouvelles-approches\/\" rel=\"category tag\">No 52-53 - Nouvelles approches<\/a><\/td><td>1996-07-01 18:24:00<\/td><\/tr><tr><td><a href=\"https:\/\/recherche-action.fr\/revue-peps\/1995\/07\/01\/no-51-sommaire-edito-les-parcours-professionnels\/\">No 51 &#8211; Sommaire \/ Edito &#8211; Les parcours professionnels<\/a><\/td><td>Sommaire M\u00e9moire du travail socialA L&rsquo;ORIGINE DE LA FORMATION SOCIALE, Fran\u00e7oise COLLANTIERS Rencontre avecRENCONTRE AVEC &hellip;<\/td><td>1995\/07\/01<\/td><td><a href=\"https:\/\/recherche-action.fr\/revue-peps\/author\/lisra\/\" title=\"Articles de lisra\" rel=\"author\">lisra<\/a><\/td><td><a href=\"https:\/\/recherche-action.fr\/revue-peps\/category\/no-51-juil-sept-1995\/\" rel=\"category tag\">No 51 - Les parcours professionnels<\/a><\/td><td>1995-07-01 15:02:00<\/td><\/tr><tr><td><a href=\"https:\/\/recherche-action.fr\/revue-peps\/1995\/04\/01\/no-50-sommaire-edito\/\">No 50 &#8211; Sommaire \/ Edito<\/a><\/td><td>Sommaire Regard sur l&rsquo;actualit\u00e9Histoire de changer, Hugues BAZIN Rencontre avec \u2026Bernard CHARLOT, Propos recueillis par &hellip;<\/td><td>1995\/04\/01<\/td><td><a href=\"https:\/\/recherche-action.fr\/revue-peps\/author\/lisra\/\" title=\"Articles de lisra\" rel=\"author\">lisra<\/a><\/td><td><a href=\"https:\/\/recherche-action.fr\/revue-peps\/category\/no-50-lacces-au-logement\/\" rel=\"category tag\">No 50 - L'acc\u00e8s au logement<\/a><\/td><td>1995-04-01 08:52:00<\/td><\/tr><tr><td><a href=\"https:\/\/recherche-action.fr\/revue-peps\/1995\/01\/01\/no-49-sommaire-edito\/\">No 49 &#8211; Sommaire \/ Edito<\/a><\/td><td>Sommaire Regard sur l&rsquo;actualit\u00e9 L\u2019ISLAM, LES JEUNES ET LE TRAVAIL SOCIAL, Georges LAPASSADE &#8211; P.4 &hellip;<\/td><td>1995\/01\/01<\/td><td><a href=\"https:\/\/recherche-action.fr\/revue-peps\/author\/lisra\/\" title=\"Articles de lisra\" rel=\"author\">lisra<\/a><\/td><td><a href=\"https:\/\/recherche-action.fr\/revue-peps\/category\/no-49-les-nouvelles-technologies-de-la-communication\/\" rel=\"category tag\">No 49 - Les nouvelles technologies de la communication<\/a><\/td><td>1995-01-01 17:36:00<\/td><\/tr><tr><td><a href=\"https:\/\/recherche-action.fr\/revue-peps\/1994\/10\/01\/no-48-sommaire-edito-y-a-t-il-encore-un-travailleur-social-dans-le-secteur\/\">No 48 &#8211; Sommaire \/ Edito &#8211; Y a-t-il encore un travailleur social dans le secteur ?<\/a><\/td><td>Regard sur l&rsquo;actualit\u00e9LETTRE OUVERTE A MONSIEUR LE MINISTRE DU LOGEMENT, G. R. A. L Rencontre &hellip;<\/td><td>1994\/10\/01<\/td><td><a href=\"https:\/\/recherche-action.fr\/revue-peps\/author\/lisra\/\" title=\"Articles de lisra\" rel=\"author\">lisra<\/a><\/td><td><a href=\"https:\/\/recherche-action.fr\/revue-peps\/category\/no-48-y-a-t-il-encore-un-travailleur-social-dans-le-secteur\/\" rel=\"category tag\">No 48 - Y a-t-il encore un travailleur social dans le secteur ?<\/a><\/td><td>1994-10-01 14:01:00<\/td><\/tr><tr><td><a href=\"https:\/\/recherche-action.fr\/revue-peps\/1994\/07\/01\/no-47-sommaire-edit\/\">No 47 &#8211; Sommaire \/ Edit<\/a><\/td><td>Sommaire Regard sur l&rsquo;actualit\u00e9 REGARDS SUR LA FORMATION DES ASSISTANTS DE SERVICE SOCIALH.THENAULT Rencontre avec &hellip;<\/td><td>1994\/07\/01<\/td><td><a href=\"https:\/\/recherche-action.fr\/revue-peps\/author\/lisra\/\" title=\"Articles de lisra\" rel=\"author\">lisra<\/a><\/td><td><a href=\"https:\/\/recherche-action.fr\/revue-peps\/category\/no-47-le-comite-des-outils-et-des-hommes\/\" rel=\"category tag\">No 47 - Le comit\u00e9 : des outils et des hommes<\/a><\/td><td>1994-07-01 00:28:00<\/td><\/tr><tr><td><a href=\"https:\/\/recherche-action.fr\/revue-peps\/1994\/04\/01\/no-46-sommaire-edito\/\">No 46 &#8211; Sommaire \/ Edito<\/a><\/td><td>Sommaire Regard sur l&rsquo;actualit\u00e9 Lecture matinale : acides r\u00e9flexions C.DEPRAZ Rencontre avec \u2026 Rencontre avec &hellip;<\/td><td>1994\/04\/01<\/td><td><a href=\"https:\/\/recherche-action.fr\/revue-peps\/author\/lisra\/\" title=\"Articles de lisra\" rel=\"author\">lisra<\/a><\/td><td><a href=\"https:\/\/recherche-action.fr\/revue-peps\/category\/no-46-les-nouvelles-solidarites\/\" rel=\"category tag\">No 46 - Les nouvelles solidarit\u00e9s<\/a><\/td><td>1994-04-01 00:58:00<\/td><\/tr><tr><td><a href=\"https:\/\/recherche-action.fr\/revue-peps\/1994\/01\/12\/no-45-sommaire-edito\/\">No 45 &#8211; Sommaire \/ Edito<\/a><\/td><td>Sommaire Regard sur l&rsquo;actualit\u00e9 Qui casse Qui ?, Hugues Bazin &#8211; P.4 Rencontre avec &#8230; &hellip;<\/td><td>1994\/01\/12<\/td><td><a href=\"https:\/\/recherche-action.fr\/revue-peps\/author\/lisra\/\" title=\"Articles de lisra\" rel=\"author\">lisra<\/a><\/td><td><a href=\"https:\/\/recherche-action.fr\/revue-peps\/category\/no-45-les-enjeux-de-la-formation\/\" rel=\"category tag\">No 45 - Les enjeux de la formation<\/a><\/td><td>1994-01-12 17:42:00<\/td><\/tr><tr><td><a href=\"https:\/\/recherche-action.fr\/revue-peps\/1993\/10\/12\/no-44-sommaire-edito\/\">No 44 &#8211; Sommaire \/ Edito<\/a><\/td><td>Sommaire Introduction P.7 DOSSIER Pratique d&rsquo;\u00e9criture A toi d\u2019\u00e9crire maintenant !, Fran\u00e7oise ULM &#8211; P.8 &hellip;<\/td><td>1993\/10\/12<\/td><td><a href=\"https:\/\/recherche-action.fr\/revue-peps\/author\/lisra\/\" title=\"Articles de lisra\" rel=\"author\">lisra<\/a><\/td><td><a href=\"https:\/\/recherche-action.fr\/revue-peps\/category\/no-44-la-place-de-lecriture-dans-le-travail-social\/\" rel=\"category tag\">No 44 - La place de l'\u00e9criture dans le travail social<\/a><\/td><td>1993-10-12 17:46:00<\/td><\/tr><tr><td><a href=\"https:\/\/recherche-action.fr\/revue-peps\/1993\/07\/01\/no-43-sommaire-edito-assistantes-sociales-le-mouvement-concass\/\">No 43 &#8211; Sommaire \/ Edito &#8211; Assistantes sociales : le mouvement CONCASS<\/a><\/td><td>Sommaire M\u00c9MOIRE VIVE Une Histoire qui Commence, Daniel DESCELIERSPetite Histoire de l&rsquo;Histoire\u2026 Marie PERRIERFonctionnement de &hellip;<\/td><td>1993\/07\/01<\/td><td><a href=\"https:\/\/recherche-action.fr\/revue-peps\/author\/lisra\/\" title=\"Articles de lisra\" rel=\"author\">lisra<\/a><\/td><td><a href=\"https:\/\/recherche-action.fr\/revue-peps\/category\/no-43-assistantes-sociales-le-mouvement-concass\/\" rel=\"category tag\">No 43 - Assistantes sociales : le mouvement CONCASS<\/a><\/td><td>1993-07-01 13:37:00<\/td><\/tr><tr><td><a href=\"https:\/\/recherche-action.fr\/revue-peps\/1993\/04\/01\/no-47-sommaire-edito\/\">No 42 &#8211; Sommaire \/ Edito<\/a><\/td><td>Sommaire LE SOCIAL EN MOUVEMENT La notion de lien social par Brigitte HAINZ-GIRARDEntre l&rsquo;arbre et &hellip;<\/td><td>1993\/04\/01<\/td><td><a href=\"https:\/\/recherche-action.fr\/revue-peps\/author\/lisra\/\" title=\"Articles de lisra\" rel=\"author\">lisra<\/a><\/td><td><a href=\"https:\/\/recherche-action.fr\/revue-peps\/category\/no-42-sens-du-travail-social-et-projets-pour-lavenir\/\" rel=\"category tag\">No 42 - Sens du travail social et projets pour l'avenir<\/a><\/td><td>1993-04-01 01:37:00<\/td><\/tr><tr><td><a href=\"https:\/\/recherche-action.fr\/revue-peps\/1993\/01\/06\/41-lextremisme-culturel\/\">No 41 &#8211; L\u2019extr\u00e9misme culturel<\/a><\/td><td>A l&rsquo;heure o\u00f9 MALCOLMX sort sur les \u00e9crans, nous d\u00e9couvrons une nouvelle forme d&rsquo;extr\u00e9misme : &hellip;<\/td><td>1993\/01\/06<\/td><td><a href=\"https:\/\/recherche-action.fr\/revue-peps\/author\/lisra\/\" title=\"Articles de lisra\" rel=\"author\">lisra<\/a><\/td><td><a href=\"https:\/\/recherche-action.fr\/revue-peps\/category\/no-41-les-figures-de-linsertion\/\" rel=\"category tag\">No 41 - Les figures de l'insertion<\/a><\/td><td>1993-01-06 20:12:00<\/td><\/tr><tr><td><a href=\"https:\/\/recherche-action.fr\/revue-peps\/1993\/01\/06\/no-41-spike-met-le-x\/\">No 41 &#8211; Spike met le x<\/a><\/td><td>Sixi\u00e8me film du caustique r\u00e9alisateur Spike Lee, \u00ab\u00a0Malcolm X\u00a0\u00bb repr\u00e9sente une entreprise lourde \u00e0 g\u00e9rer, &hellip;<\/td><td>1993\/01\/06<\/td><td><a href=\"https:\/\/recherche-action.fr\/revue-peps\/author\/lisra\/\" title=\"Articles de lisra\" rel=\"author\">lisra<\/a><\/td><td><a href=\"https:\/\/recherche-action.fr\/revue-peps\/category\/no-41-les-figures-de-linsertion\/\" rel=\"category tag\">No 41 - Les figures de l'insertion<\/a><\/td><td>1993-01-06 20:02:00<\/td><\/tr><tr><td><a href=\"https:\/\/recherche-action.fr\/revue-peps\/1993\/01\/06\/no-41-un-educateur-pour-la-fact\/\">No 41 &#8211; Un \u00e9ducateur pour la fact<\/a><\/td><td>Voici le r\u00e9sultat partiel d&rsquo;une enqu\u00eate de terrain effectu\u00e9e en janvier 1993 \u00e0 l&rsquo;Universit\u00e9 de &hellip;<\/td><td>1993\/01\/06<\/td><td><a href=\"https:\/\/recherche-action.fr\/revue-peps\/author\/lisra\/\" title=\"Articles de lisra\" rel=\"author\">lisra<\/a><\/td><td><a href=\"https:\/\/recherche-action.fr\/revue-peps\/category\/no-41-les-figures-de-linsertion\/\" rel=\"category tag\">No 41 - Les figures de l'insertion<\/a><\/td><td>1993-01-06 19:38:00<\/td><\/tr><tr><td><a href=\"https:\/\/recherche-action.fr\/revue-peps\/1993\/01\/06\/no-41-rencontre-du-hip-hop-et-du-travail-social\/\">No 41 &#8211; Rencontre du hip hop et du travail social<\/a><\/td><td>Une exp\u00e9rience italienne Depuis l&rsquo;an dernier, \u00e0 Rimini &#8211; une station baln\u00e9aire de la c\u00f4te &hellip;<\/td><td>1993\/01\/06<\/td><td><a href=\"https:\/\/recherche-action.fr\/revue-peps\/author\/lisra\/\" title=\"Articles de lisra\" rel=\"author\">lisra<\/a><\/td><td><a href=\"https:\/\/recherche-action.fr\/revue-peps\/category\/no-41-les-figures-de-linsertion\/\" rel=\"category tag\">No 41 - Les figures de l'insertion<\/a><\/td><td>1993-01-06 18:23:00<\/td><\/tr><tr><td><a href=\"https:\/\/recherche-action.fr\/revue-peps\/1993\/01\/06\/no-41-lallemagne-politique-et-travailleur-social\/\">No 41 &#8211; L\u2019Allemagne, politique et travailleur social<\/a><\/td><td>Kamila Benayada et R\u00e9mi Hess sont anthropologues. Ils ont pass\u00e9s beaucoup de temps ces derni\u00e8res &hellip;<\/td><td>1993\/01\/06<\/td><td><a href=\"https:\/\/recherche-action.fr\/revue-peps\/author\/lisra\/\" title=\"Articles de lisra\" rel=\"author\">lisra<\/a><\/td><td><a href=\"https:\/\/recherche-action.fr\/revue-peps\/category\/no-41-les-figures-de-linsertion\/\" rel=\"category tag\">No 41 - Les figures de l'insertion<\/a><\/td><td>1993-01-06 17:13:00<\/td><\/tr><tr><td><a href=\"https:\/\/recherche-action.fr\/revue-peps\/1993\/01\/06\/linscription-des-pratiques-sociales\/\">No 41 &#8211; L\u2019inscription des pratiques sociales<\/a><\/td><td>L&rsquo;\u00e9criture professionnelle comme expression autochtone et instrument de formation dans champ du travail social L&rsquo;ECRITURE &hellip;<\/td><td>1993\/01\/06<\/td><td><a href=\"https:\/\/recherche-action.fr\/revue-peps\/author\/lisra\/\" title=\"Articles de lisra\" rel=\"author\">lisra<\/a><\/td><td><a href=\"https:\/\/recherche-action.fr\/revue-peps\/category\/no-41-les-figures-de-linsertion\/\" rel=\"category tag\">No 41 - Les figures de l'insertion<\/a><\/td><td>1993-01-06 16:26:00<\/td><\/tr><tr><td><a href=\"https:\/\/recherche-action.fr\/revue-peps\/1993\/01\/06\/la-formation-des-travailleurs-sociaux-ecrire-pour-memoire\/\">No 41 &#8211; La formation des travailleurs sociaux \u00e9crire pour m\u00e9moire ?<\/a><\/td><td>(suivi par \u00ab&nbsp;le m\u00e9moire&nbsp;\u00bb de B\u00e9atrice MARINONI) L&rsquo;\u00e9criture professionnelle en travail social d\u00e9bute d\u00e8s la &hellip;<\/td><td>1993\/01\/06<\/td><td><a href=\"https:\/\/recherche-action.fr\/revue-peps\/author\/lisra\/\" title=\"Articles de lisra\" rel=\"author\">lisra<\/a><\/td><td><a href=\"https:\/\/recherche-action.fr\/revue-peps\/category\/no-41-les-figures-de-linsertion\/\" rel=\"category tag\">No 41 - Les figures de l'insertion<\/a><\/td><td>1993-01-06 15:20:00<\/td><\/tr><tr><td><a href=\"https:\/\/recherche-action.fr\/revue-peps\/1993\/01\/06\/no-41-ce-quecrire-peut-vouloir-dire\/\">No 41 &#8211; Ce qu&rsquo;\u00e9crire peut vouloir dire<\/a><\/td><td>Si l&rsquo;\u00e9criture professionnelle ou administrative est inscrite dans les habitudes des travailleurs sociaux, \u00e9crire sur &hellip;<\/td><td>1993\/01\/06<\/td><td><a href=\"https:\/\/recherche-action.fr\/revue-peps\/author\/lisra\/\" title=\"Articles de lisra\" rel=\"author\">lisra<\/a><\/td><td><a href=\"https:\/\/recherche-action.fr\/revue-peps\/category\/no-41-les-figures-de-linsertion\/\" rel=\"category tag\">No 41 - Les figures de l'insertion<\/a><\/td><td>1993-01-06 14:38:00<\/td><\/tr><tr><td><a href=\"https:\/\/recherche-action.fr\/revue-peps\/1993\/01\/01\/no-41-developpement-de-foyers-foyers-de-developpement\/\">No 41 &#8211; D\u00e9veloppement de foyers, foyers de d\u00e9veloppement<\/a><\/td><td>Les r\u00e9sidents maliens d&rsquo;un foyer Soundiata a Alfortville cr\u00e9ent une association pour g\u00e9rer une s\u00e9rie &hellip;<\/td><td>1993\/01\/01<\/td><td><a href=\"https:\/\/recherche-action.fr\/revue-peps\/author\/lisra\/\" title=\"Articles de lisra\" rel=\"author\">lisra<\/a><\/td><td><a href=\"https:\/\/recherche-action.fr\/revue-peps\/category\/no-41-les-figures-de-linsertion\/\" rel=\"category tag\">No 41 - Les figures de l'insertion<\/a><\/td><td>1993-01-01 23:47:00<\/td><\/tr><tr><td><a href=\"https:\/\/recherche-action.fr\/revue-peps\/1993\/01\/01\/no-41-les-figures-de-letranger\/\">No 41 &#8211; Les figures de l\u2019\u00e9tranger<\/a><\/td><td>La figure de l&rsquo;\u00c9tranger appara\u00eet comme un acteur privil\u00e9gi\u00e9 qui r\u00e9v\u00e8le l&rsquo;\u00e9paisseur et la sensibilit\u00e9 &hellip;<\/td><td>1993\/01\/01<\/td><td><a href=\"https:\/\/recherche-action.fr\/revue-peps\/author\/lisra\/\" title=\"Articles de lisra\" rel=\"author\">lisra<\/a><\/td><td><a href=\"https:\/\/recherche-action.fr\/revue-peps\/category\/no-41-les-figures-de-linsertion\/\" rel=\"category tag\">No 41 - Les figures de l'insertion<\/a><\/td><td>1993-01-01 23:07:00<\/td><\/tr><tr><td><a href=\"https:\/\/recherche-action.fr\/revue-peps\/1993\/01\/01\/no-41-les-immigres-le-travail-social-et-les-legislatives-de-93\/\">No 41 &#8211; Les immigr\u00e9s, le travail social et les l\u00e9gislatives de 93<\/a><\/td><td>L&rsquo;un des th\u00e8mes qui a aliment\u00e9 encore cette ann\u00e9e la campagne \u00e9lectorale pour les l\u00e9gislatives, &hellip;<\/td><td>1993\/01\/01<\/td><td><a href=\"https:\/\/recherche-action.fr\/revue-peps\/author\/lisra\/\" title=\"Articles de lisra\" rel=\"author\">lisra<\/a><\/td><td><a href=\"https:\/\/recherche-action.fr\/revue-peps\/category\/no-41-les-figures-de-linsertion\/\" rel=\"category tag\">No 41 - Les figures de l'insertion<\/a><\/td><td>1993-01-01 22:31:00<\/td><\/tr><tr><td><a href=\"https:\/\/recherche-action.fr\/revue-peps\/1993\/01\/01\/les-apports-successifs-de-limmigration\/\">No 41 &#8211; Les apports successifs de l\u2019immigration<\/a><\/td><td>Cet article fait suite au premier texte paru sur ce th\u00e8me dans le num\u00e9ro 39 &hellip;<\/td><td>1993\/01\/01<\/td><td><a href=\"https:\/\/recherche-action.fr\/revue-peps\/author\/lisra\/\" title=\"Articles de lisra\" rel=\"author\">lisra<\/a><\/td><td><a href=\"https:\/\/recherche-action.fr\/revue-peps\/category\/no-41-les-figures-de-linsertion\/\" rel=\"category tag\">No 41 - Les figures de l'insertion<\/a><\/td><td>1993-01-01 22:00:00<\/td><\/tr><tr><td><a href=\"https:\/\/recherche-action.fr\/revue-peps\/1993\/01\/01\/no-41-travail-social-et-prevention-a-rimini-italie\/\">No 41 &#8211; Travail social et pr\u00e9vention \u00e0 Rimini (Italie)<\/a><\/td><td>L&rsquo;\u00e9quipe d&rsquo;intervention de Rimini a pris contact avec PEPS pour proposer des \u00e9changes d&rsquo;exp\u00e9riences. Elle &hellip;<\/td><td>1993\/01\/01<\/td><td><a href=\"https:\/\/recherche-action.fr\/revue-peps\/author\/lisra\/\" title=\"Articles de lisra\" rel=\"author\">lisra<\/a><\/td><td><a href=\"https:\/\/recherche-action.fr\/revue-peps\/category\/no-41-les-figures-de-linsertion\/\" rel=\"category tag\">No 41 - Les figures de l'insertion<\/a><\/td><td>1993-01-01 18:42:00<\/td><\/tr><tr><td><a href=\"https:\/\/recherche-action.fr\/revue-peps\/1993\/01\/01\/no-41-de-letranger-a-limmigre\/\">No 41 &#8211; De l&rsquo;\u00e9tranger \u00e0 l&rsquo;immigr\u00e9<\/a><\/td><td>Comment les services sociaux construisent-ils les cat\u00e9gories qui d\u00e9finissent et d\u00e9signent les populations \u00e9trang\u00e8res aupr\u00e8s &hellip;<\/td><td>1993\/01\/01<\/td><td><a href=\"https:\/\/recherche-action.fr\/revue-peps\/author\/lisra\/\" title=\"Articles de lisra\" rel=\"author\">lisra<\/a><\/td><td><a href=\"https:\/\/recherche-action.fr\/revue-peps\/category\/no-41-les-figures-de-linsertion\/\" rel=\"category tag\">No 41 - Les figures de l'insertion<\/a><\/td><td>1993-01-01 18:20:00<\/td><\/tr><tr><td><a href=\"https:\/\/recherche-action.fr\/revue-peps\/1993\/01\/01\/no-41-travail-social-travail-scolaire-quels-rapports\/\">No 41 &#8211; Travail social, travail scolaire, quels rapports ?<\/a><\/td><td>Les travaux de recherche que je m\u00e8ne actuellement en Sciences de l&rsquo;\u00e9ducation, s&rsquo;articulent autour de &hellip;<\/td><td>1993\/01\/01<\/td><td><a href=\"https:\/\/recherche-action.fr\/revue-peps\/author\/lisra\/\" title=\"Articles de lisra\" rel=\"author\">lisra<\/a><\/td><td><a href=\"https:\/\/recherche-action.fr\/revue-peps\/category\/no-41-les-figures-de-linsertion\/\" rel=\"category tag\">No 41 - Les figures de l'insertion<\/a><\/td><td>1993-01-01 16:17:00<\/td><\/tr><tr><td><a href=\"https:\/\/recherche-action.fr\/revue-peps\/1993\/01\/01\/no-41-linsertion-peripherique-leffet-al-capone\/\">No 41 &#8211; L\u2019insertion p\u00e9riph\u00e9rique, l\u2019effet Al Capone<\/a><\/td><td>En f\u00e9vrier 1993, la police interpelle clans les cit\u00e9s des Francs-Moisins \u00e0 Saint Denis et &hellip;<\/td><td>1993\/01\/01<\/td><td><a href=\"https:\/\/recherche-action.fr\/revue-peps\/author\/lisra\/\" title=\"Articles de lisra\" rel=\"author\">lisra<\/a><\/td><td><a href=\"https:\/\/recherche-action.fr\/revue-peps\/category\/no-41-les-figures-de-linsertion\/\" rel=\"category tag\">No 41 - Les figures de l'insertion<\/a><\/td><td>1993-01-01 14:41:00<\/td><\/tr><tr><td><a href=\"https:\/\/recherche-action.fr\/revue-peps\/1993\/01\/01\/41-le-foyer-dalfortville-communique\/\">No 41 &#8211; Le foyer d\u2019Alfortville communique<\/a><\/td><td>Un foyer d&rsquo;h\u00e9bergement est un lieu o\u00f9 se reproduit la culture d&rsquo;origine. Doit-il pour autant &hellip;<\/td><td>1993\/01\/01<\/td><td><a href=\"https:\/\/recherche-action.fr\/revue-peps\/author\/lisra\/\" title=\"Articles de lisra\" rel=\"author\">lisra<\/a><\/td><td><a href=\"https:\/\/recherche-action.fr\/revue-peps\/category\/no-41-les-figures-de-linsertion\/\" rel=\"category tag\">No 41 - Les figures de l'insertion<\/a><\/td><td>1993-01-01 12:56:00<\/td><\/tr><tr><td><a href=\"https:\/\/recherche-action.fr\/revue-peps\/1993\/01\/01\/no-41-entre-integration-et-retour\/\">No 41 &#8211; Entre int\u00e9gration et retour<\/a><\/td><td>L&rsquo;accompagnement social des \u00e9trangers en France, quelle alternative, quelles m\u00e9thodes ? \u00ab\u00a0Tout homme ou femme &hellip;<\/td><td>1993\/01\/01<\/td><td><a href=\"https:\/\/recherche-action.fr\/revue-peps\/author\/lisra\/\" title=\"Articles de lisra\" rel=\"author\">lisra<\/a><\/td><td><a href=\"https:\/\/recherche-action.fr\/revue-peps\/category\/no-41-les-figures-de-linsertion\/\" rel=\"category tag\">No 41 - Les figures de l'insertion<\/a>, <a href=\"https:\/\/recherche-action.fr\/revue-peps\/category\/non-classe\/\" rel=\"category tag\">Non class\u00e9<\/a><\/td><td>1993-01-01 11:11:00<\/td><\/tr><tr><td><a href=\"https:\/\/recherche-action.fr\/revue-peps\/1993\/01\/01\/no-41-les-immigres-vieillissent-en-foyer\/\">No 41 &#8211; Les immigr\u00e9s vieillissent en foyer<\/a><\/td><td>Qui le sait, qui s\u2019en soucie, qui s\u2019en occupe\u00a0? Comment accompagner les travailleurs immigr\u00e9s qui &hellip;<\/td><td>1993\/01\/01<\/td><td><a href=\"https:\/\/recherche-action.fr\/revue-peps\/author\/lisra\/\" title=\"Articles de lisra\" rel=\"author\">lisra<\/a><\/td><td><a href=\"https:\/\/recherche-action.fr\/revue-peps\/category\/no-41-les-figures-de-linsertion\/\" rel=\"category tag\">No 41 - Les figures de l'insertion<\/a><\/td><td>1993-01-01 00:01:00<\/td><\/tr><tr><td><a href=\"https:\/\/recherche-action.fr\/revue-peps\/1992\/07\/01\/no-40-sommaire-edito\/\">No 40 &#8211; Sommaire \/ Edito<\/a><\/td><td>Sommaire URBANISME Un logement pour tous par Mich\u00e8le Pisigot 7 La ville en rose par &hellip;<\/td><td>1992\/07\/01<\/td><td><a href=\"https:\/\/recherche-action.fr\/revue-peps\/author\/lisra\/\" title=\"Articles de lisra\" rel=\"author\">lisra<\/a><\/td><td><a href=\"https:\/\/recherche-action.fr\/revue-peps\/category\/no-40-femme-immigree-dune-rive-a-lautre\/\" rel=\"category tag\">No 40 - Femme immigr\u00e9e d'une rive \u00e0 l'autre<\/a><\/td><td>1992-07-01 03:20:00<\/td><\/tr><tr><td><a href=\"https:\/\/recherche-action.fr\/revue-peps\/1992\/04\/01\/no-39-sommaire-edito\/\">No 39 &#8211; Sommaire \/ Edito<\/a><\/td><td>Sommaire Dossier Avant propos MEMOIRE Les apports successifs de l&rsquo;immigration, de l&rsquo;ethnie \u00e0 la nation &hellip;<\/td><td>1992\/04\/01<\/td><td><a href=\"https:\/\/recherche-action.fr\/revue-peps\/author\/lisra\/\" title=\"Articles de lisra\" rel=\"author\">lisra<\/a><\/td><td><a href=\"https:\/\/recherche-action.fr\/revue-peps\/category\/no-39-immigration-figure-eclairee-regard-etrange\/\" rel=\"category tag\">No 39 - Immigration, figure \u00e9clair\u00e9e, regard \u00e9trange<\/a><\/td><td>1992-04-01 19:26:00<\/td><\/tr><tr><td><a href=\"https:\/\/recherche-action.fr\/revue-peps\/1992\/01\/01\/no-38-sommaire-edito\/\">No 38 &#8211; Sommaire \/ Edito<\/a><\/td><td>Sommaire Histoire de vie, m\u00e9moire du social, Jean Luc DUMONTR\u00e9cit d&rsquo;une Mort annonc\u00e9e, Hugues BAZINR\u00f4le &hellip;<\/td><td>1992\/01\/01<\/td><td><a href=\"https:\/\/recherche-action.fr\/revue-peps\/author\/lisra\/\" title=\"Articles de lisra\" rel=\"author\">lisra<\/a><\/td><td><a href=\"https:\/\/recherche-action.fr\/revue-peps\/category\/no-38-les-travailleurs-sociaux-doivent-ils-dispraitre\/\" rel=\"category tag\">No 38 - Les travailleurs sociaux doivent-ils dispraitre<\/a><\/td><td>1992-01-01 13:06:00<\/td><\/tr><tr><td><a href=\"https:\/\/recherche-action.fr\/revue-peps\/1991\/07\/01\/no-37-sommaire-edito\/\">No 37 &#8211; Sommaire \/ Edito<\/a><\/td><td>Sommaire P4&nbsp; Michel TALEGHANI L&rsquo;EPUISEMENT PROFESSIONNEL : UN ETAT DES LIEUX Compr\u00e9hension des conditions et &hellip;<\/td><td>1991\/07\/01<\/td><td><a href=\"https:\/\/recherche-action.fr\/revue-peps\/author\/lisra\/\" title=\"Articles de lisra\" rel=\"author\">lisra<\/a><\/td><td><a href=\"https:\/\/recherche-action.fr\/revue-peps\/category\/no-37-les-travailleurs-sociaux-sont-ils-epuises\/\" rel=\"category tag\">No 37 - Les travailleurs sociaux sont-ils \u00e9puis\u00e9s ?<\/a><\/td><td>1991-07-01 03:35:00<\/td><\/tr><tr><td><a href=\"https:\/\/recherche-action.fr\/revue-peps\/1991\/01\/12\/no-36-sommaire-edito\/\">No 36 &#8211; Sommaire \/ Edito<\/a><\/td><td>Sommaire En bouclant ce dossier nous nous sommes aper\u00e7us que nombreux th\u00e8mes abord\u00e9s ici m\u00e9riteraient &hellip;<\/td><td>1991\/01\/12<\/td><td><a href=\"https:\/\/recherche-action.fr\/revue-peps\/author\/lisra\/\" title=\"Articles de lisra\" rel=\"author\">lisra<\/a><\/td><td><a href=\"https:\/\/recherche-action.fr\/revue-peps\/category\/no-36-les-cultures-de-la-rue\/\" rel=\"category tag\">No 36 - Les cultures de la rue<\/a><\/td><td>1991-01-12 17:50:00<\/td><\/tr><tr><td><a href=\"https:\/\/recherche-action.fr\/revue-peps\/1990\/10\/01\/no-35-sommaire-edito\/\">No 35 &#8211; Sommaire \/ Edito<\/a><\/td><td>Sommaire CINE FLASH Guy JOUANNET MUTATION ET TRAVAIL SOCIAL LA CATEGORISATION DES PAUVRES, Vincente de &hellip;<\/td><td>1990\/10\/01<\/td><td><a href=\"https:\/\/recherche-action.fr\/revue-peps\/author\/lisra\/\" title=\"Articles de lisra\" rel=\"author\">lisra<\/a><\/td><td><a href=\"https:\/\/recherche-action.fr\/revue-peps\/category\/no-35-insertion-professionnelle-des-handicapes-et-travail-social\/\" rel=\"category tag\">No 35 - Insertion professionnelle des handicap\u00e9s et travail social<\/a><\/td><td>1990-10-01 08:13:00<\/td><\/tr><tr><td><a href=\"https:\/\/recherche-action.fr\/revue-peps\/1989\/11\/01\/no-31-sommaire-edito\/\">No 31 &#8211; Sommaire \/ Edito<\/a><\/td><td>Malaise dans le travail social Sommaire \u00c9ditorial : P\u00e9ril en la demeure par Eric AugerEurope &hellip;<\/td><td>1989\/11\/01<\/td><td><a href=\"https:\/\/recherche-action.fr\/revue-peps\/author\/lisra\/\" title=\"Articles de lisra\" rel=\"author\">lisra<\/a><\/td><td><a href=\"https:\/\/recherche-action.fr\/revue-peps\/category\/no-31-malaise-dans-le-travail-social\/\" rel=\"category tag\">No 31 - Malaise dans le travail social<\/a><\/td><td>1989-11-01 08:53:00<\/td><\/tr><tr><td><a href=\"https:\/\/recherche-action.fr\/revue-peps\/1989\/09\/01\/no-30-sommaire-edito\/\">NO 30 &#8211; Sommaire \/Edito<\/a><\/td><td>Sommaire 1- R\u00e9volution et droits de l&rsquo;homme Libres et \u00e9gaux en droits P. 7 Michel &hellip;<\/td><td>1989\/09\/01<\/td><td><a href=\"https:\/\/recherche-action.fr\/revue-peps\/author\/lisra\/\" title=\"Articles de lisra\" rel=\"author\">lisra<\/a><\/td><td><a href=\"https:\/\/recherche-action.fr\/revue-peps\/category\/no-30-travail-social-et-bicentenaire-de-la-revolution\/\" rel=\"category tag\">No 30 - Travail social et bicentenaire de la R\u00e9volution<\/a><\/td><td>1989-09-01 03:11:58<\/td><\/tr><tr><td><a href=\"https:\/\/recherche-action.fr\/revue-peps\/1989\/07\/01\/no-29-sommaire-edito\/\">No 29 &#8211; Sommaire \/ Edito<\/a><\/td><td>Sommaire DOSSIER IntroductionLa formation des instituteursLes pratiques quotidiennes _L&rsquo;historique de l&rsquo;enseignement primaire en FranceConclusion par &hellip;<\/td><td>1989\/07\/01<\/td><td><a href=\"https:\/\/recherche-action.fr\/revue-peps\/author\/lisra\/\" title=\"Articles de lisra\" rel=\"author\">lisra<\/a><\/td><td><a href=\"https:\/\/recherche-action.fr\/revue-peps\/category\/no-29-reussite-scolaire\/\" rel=\"category tag\">No 29 - R\u00e9ussite scolaire<\/a><\/td><td>1989-07-01 23:45:30<\/td><\/tr><tr><td><a href=\"https:\/\/recherche-action.fr\/revue-peps\/1989\/03\/01\/no-28-sommaire-edito\/\">No 28 &#8211; Sommaire \/ Edito<\/a><\/td><td>Sommaire I. M\u00c9MOIRE Les chemins du politique. Sa\u00efd Bouamama. P.5-6 -L&rsquo;\u00e9migration portugaise, Joachim Soarez. P.6-7 &hellip;<\/td><td>1989\/03\/01<\/td><td><a href=\"https:\/\/recherche-action.fr\/revue-peps\/author\/lisra\/\" title=\"Articles de lisra\" rel=\"author\">lisra<\/a><\/td><td><a href=\"https:\/\/recherche-action.fr\/revue-peps\/category\/no-28-banlieue-cent-visages\/\" rel=\"category tag\">No 28 - Banlieue Cent Visages<\/a><\/td><td>1989-03-01 18:10:00<\/td><\/tr><tr><td><a href=\"https:\/\/recherche-action.fr\/revue-peps\/1988\/11\/01\/no-27-sommaire-edito\/\">No 27 &#8211; Sommaire \/ Edito<\/a><\/td><td>Sommaire FORUM SUR LE R.M.I. Le SMIC, seul revenu minimum acceptable par Raymond CuriePour un &hellip;<\/td><td>1988\/11\/01<\/td><td><a href=\"https:\/\/recherche-action.fr\/revue-peps\/author\/lisra\/\" title=\"Articles de lisra\" rel=\"author\">lisra<\/a><\/td><td><a href=\"https:\/\/recherche-action.fr\/revue-peps\/category\/no-27-enfance-en-danger-ou-enfance-sans-danger\/\" rel=\"category tag\">No 27 - Enfance en danger ou enfance sans danger<\/a><\/td><td>1988-11-01 07:53:00<\/td><\/tr><tr><td><a href=\"https:\/\/recherche-action.fr\/revue-peps\/1988\/09\/01\/liberer-les-idees-pour-sortir-des-prisons\/\">No 26 &#8211; Sommaire\/Edito<\/a><\/td><td>Sommaire MYTHE ET R\u00c9ALIT\u00c9 De la prison au contr\u00f4le social par Jacques LESAGE DE LA &hellip;<\/td><td>1988\/09\/01<\/td><td><a href=\"https:\/\/recherche-action.fr\/revue-peps\/author\/lisra\/\" title=\"Articles de lisra\" rel=\"author\">lisra<\/a><\/td><td><a href=\"https:\/\/recherche-action.fr\/revue-peps\/category\/no26-liberer-les-idees-pour-sortir-des-prisons\/\" rel=\"category tag\">No26 - Lib\u00e9rer les id\u00e9es pour sortir des prisons<\/a><\/td><td>1988-09-01 20:28:17<\/td><\/tr><tr><td><a href=\"https:\/\/recherche-action.fr\/revue-peps\/1988\/05\/01\/25-sommaire-edito\/\">No 25 &#8211; Sommaire \/ Edito<\/a><\/td><td>Travail social et r\u00e9seaux Sommaire ACTUEL La s\u00e9curit\u00e9 sociale fait des \u00e9conomies par Catherine BOULENGER &hellip;<\/td><td>1988\/05\/01<\/td><td><a href=\"https:\/\/recherche-action.fr\/revue-peps\/author\/lisra\/\" title=\"Articles de lisra\" rel=\"author\">lisra<\/a><\/td><td><a href=\"https:\/\/recherche-action.fr\/revue-peps\/category\/no-25-travail-social-et-reseaux\/\" rel=\"category tag\">No 25 - Travail social et r\u00e9seaux<\/a><\/td><td>1988-05-01 06:10:00<\/td><\/tr><tr><td><a href=\"https:\/\/recherche-action.fr\/revue-peps\/1988\/03\/01\/no-24-sommaire-edito\/\">No 24 &#8211; Sommaire \/ Edito<\/a><\/td><td>Sommaire SENS INTERDITS \u00ab\u00a0Un autre regard sur l&rsquo;injonction th\u00e9rapeutique\u00a0\u00bb, interview du Docteur MAILLET par Philippe &hellip;<\/td><td>1988\/03\/01<\/td><td><a href=\"https:\/\/recherche-action.fr\/revue-peps\/author\/lisra\/\" title=\"Articles de lisra\" rel=\"author\">lisra<\/a><\/td><td><a href=\"https:\/\/recherche-action.fr\/revue-peps\/category\/no-24-que-dites-vous-apres-avoir-dit-toxicomanie\/\" rel=\"category tag\">No 24 - Que dites vous apr\u00e8s avoir dit toxicomanie ?<\/a><\/td><td>1988-03-01 07:37:00<\/td><\/tr><tr><td><a href=\"https:\/\/recherche-action.fr\/revue-peps\/1988\/01\/01\/no-23-sommaire-edito\/\">No 23 &#8211; Sommaire \/ edito<\/a><\/td><td>Le code de la nationalit\u00e9 ACTION SOCIALE S&rsquo;IL TE PLAIT, PARLE MOI DE RESEAU, par &hellip;<\/td><td>1988\/01\/01<\/td><td><a href=\"https:\/\/recherche-action.fr\/revue-peps\/author\/lisra\/\" title=\"Articles de lisra\" rel=\"author\">lisra<\/a><\/td><td><a href=\"https:\/\/recherche-action.fr\/revue-peps\/category\/no-23-le-code-de-la-nationalite\/\" rel=\"category tag\">No 23 - Le code de la nationalit\u00e9<\/a><\/td><td>1988-01-01 05:39:00<\/td><\/tr><tr><td><a href=\"https:\/\/recherche-action.fr\/revue-peps\/1987\/11\/01\/no-22-sommaire-edito\/\">No 22 &#8211; Sommaire \/ Edito<\/a><\/td><td>Le d\u00e9veloppement local en milieu rural Sommaire ACTUEL ASSISTANTES SOCIALES DE PARIS: LA CHASSE AUX &hellip;<\/td><td>1987\/11\/01<\/td><td><a href=\"https:\/\/recherche-action.fr\/revue-peps\/author\/lisra\/\" title=\"Articles de lisra\" rel=\"author\">lisra<\/a><\/td><td><a href=\"https:\/\/recherche-action.fr\/revue-peps\/category\/no-22-le-developpement-local-en-milieu-rural\/\" rel=\"category tag\">No 22 - Le d\u00e9veloppement local en milieu rural<\/a><\/td><td>1987-11-01 05:21:00<\/td><\/tr><tr><td><a href=\"https:\/\/recherche-action.fr\/revue-peps\/1987\/09\/01\/no-21-sommaire-edito\/\">No 21 &#8211; Sommaire \/ Edito<\/a><\/td><td>Formation initiale des travailleurs sociaux Sommaire \u00c9conomie Sociale LES R\u00c9GIES DE QUARTIER par Claudine DUSSOLIER. &hellip;<\/td><td>1987\/09\/01<\/td><td><a href=\"https:\/\/recherche-action.fr\/revue-peps\/author\/lisra\/\" title=\"Articles de lisra\" rel=\"author\">lisra<\/a><\/td><td><a href=\"https:\/\/recherche-action.fr\/revue-peps\/category\/no-21-formation-initiale-des-travailleurs-sociaux\/\" rel=\"category tag\">No 21 - Formation initiale des travailleurs sociaux<\/a><\/td><td>1987-09-01 20:33:00<\/td><\/tr><tr><td><a href=\"https:\/\/recherche-action.fr\/revue-peps\/1987\/05\/12\/no-20-sommaire-edito\/\">No 20 &#8211; Sommaire \/ Edito<\/a><\/td><td>Sommaire 4 Actuel UNE FORMATION EN MARKETING SOCIAL : \u00ab SAVOIR FAIRE ET FAIRE SAVOIR &hellip;<\/td><td>1987\/05\/12<\/td><td><a href=\"https:\/\/recherche-action.fr\/revue-peps\/author\/lisra\/\" title=\"Articles de lisra\" rel=\"author\">lisra<\/a><\/td><td><a href=\"https:\/\/recherche-action.fr\/revue-peps\/category\/no-20-travail-social-travail-pour-la-paix\/\" rel=\"category tag\">No 20 - Travail social, travail pour la paix<\/a><\/td><td>1987-05-12 03:42:00<\/td><\/tr><tr><td><a href=\"https:\/\/recherche-action.fr\/revue-peps\/1987\/03\/01\/no-19-sommaire-edito\/\">No 19 &#8211; Sommaire \/ Edito<\/a><\/td><td>Sommaire ACTION SOCIALE PARLEZ-MOI D&rsquo;ANIMATION , une nouvelle forme d&rsquo;accueil : le centre de loisir &hellip;<\/td><td>1987\/03\/01<\/td><td><a href=\"https:\/\/recherche-action.fr\/revue-peps\/author\/lisra\/\" title=\"Articles de lisra\" rel=\"author\">lisra<\/a><\/td><td><a href=\"https:\/\/recherche-action.fr\/revue-peps\/category\/no-19-soyons-creatifs\/\" rel=\"category tag\">No 19 - Soyons cr\u00e9atifs<\/a><\/td><td>1987-03-01 17:37:00<\/td><\/tr><tr><td><a href=\"https:\/\/recherche-action.fr\/revue-peps\/1987\/01\/01\/no-18-sommaire-edito\/\">No 18 &#8211; Sommaire \/ Edito<\/a><\/td><td>Sommaire \u00c9DITORIAL : \u00ab Le nouveau PEPS est arriv\u00e9 ! \u00bb. \u00ab PLUS DE 20 &hellip;<\/td><td>1987\/01\/01<\/td><td><a href=\"https:\/\/recherche-action.fr\/revue-peps\/author\/lisra\/\" title=\"Articles de lisra\" rel=\"author\">lisra<\/a><\/td><td><a href=\"https:\/\/recherche-action.fr\/revue-peps\/category\/no-18-ca-bouge-chez-les-travailleurs-sociaux\/\" rel=\"category tag\">No 18 - Ca bouge chez les travailleurs sociaux<\/a><\/td><td>1987-01-01 23:54:00<\/td><\/tr><tr><td><a href=\"https:\/\/recherche-action.fr\/revue-peps\/1986\/03\/01\/no-17-sommaire-edito\/\">No 17 &#8211; Sommaire \/ Edito<\/a><\/td><td>Partis politiques et travail social Sommaire TOXICO-ALCOOLIQUES ET LE PRIVILEGE DE L&rsquo;ALLOCATION ADULTE HANDICAPE, DANIELLE &hellip;<\/td><td>1986\/03\/01<\/td><td><a href=\"https:\/\/recherche-action.fr\/revue-peps\/author\/lisra\/\" title=\"Articles de lisra\" rel=\"author\">lisra<\/a><\/td><td><a href=\"https:\/\/recherche-action.fr\/revue-peps\/category\/no-17-partis-politiques-et-travail-social\/\" rel=\"category tag\">No 17 - Partis politiques et travail social<\/a><\/td><td>1986-03-01 14:59:00<\/td><\/tr><tr><td><a href=\"https:\/\/recherche-action.fr\/revue-peps\/1985\/11\/01\/no-15-16-sommaire-edito\/\">No 15\/16 &#8211; Sommaire\/Edito<\/a><\/td><td>Num\u00e9ro sp\u00e9cial inter-associatif : AUEF, Universit\u00e9 d&rsquo;Et\u00e9 85 \u00ab Ch\u00f4mage, Loisirs et Economie Sociale \u00bbCREAF, &hellip;<\/td><td>1985\/11\/01<\/td><td><a href=\"https:\/\/recherche-action.fr\/revue-peps\/author\/lisra\/\" title=\"Articles de lisra\" rel=\"author\">lisra<\/a><\/td><td><a href=\"https:\/\/recherche-action.fr\/revue-peps\/category\/no-15-16-nouvelles-pratiques-sociales-et-economiques\/\" rel=\"category tag\">No 15\/16 - Nouvelles pratiques sociales et \u00e9conomiques<\/a><\/td><td>1985-11-01 00:02:35<\/td><\/tr><tr><td><a href=\"https:\/\/recherche-action.fr\/revue-peps\/1985\/09\/01\/no-14-sommaire-edito\/\">No 14 &#8211; Sommaire . Edito<\/a><\/td><td>Travail social en milieu psychiatrique Sommaire DU CENTRE D&rsquo;ACCUEIL ET D&rsquo;ORIENTATION AU PLACEMENT FAMILIAL PARENTS &hellip;<\/td><td>1985\/09\/01<\/td><td><a href=\"https:\/\/recherche-action.fr\/revue-peps\/author\/lisra\/\" title=\"Articles de lisra\" rel=\"author\">lisra<\/a><\/td><td><a href=\"https:\/\/recherche-action.fr\/revue-peps\/category\/no-14-travail-social-en-milieu-psychiatrique\/\" rel=\"category tag\">No 14 - Travail social en milieu psychiatrique<\/a><\/td><td>1985-09-01 17:15:00<\/td><\/tr><tr><td><a href=\"https:\/\/recherche-action.fr\/revue-peps\/1985\/07\/01\/no-13-sommaire-edito\/\">No 13 &#8211; Sommaire \/ Edito<\/a><\/td><td>Relation \u00e9ducative et familiale Sommaire DU CENTRE D&rsquo;ACCUEIL ET D&rsquo;ORIENTATION AU PLACEMENT FAMILIALTRAVAILLEURS SOCIAUX EN &hellip;<\/td><td>1985\/07\/01<\/td><td><a href=\"https:\/\/recherche-action.fr\/revue-peps\/author\/lisra\/\" title=\"Articles de lisra\" rel=\"author\">lisra<\/a><\/td><td><a href=\"https:\/\/recherche-action.fr\/revue-peps\/category\/relation-educative-et-familiale\/\" rel=\"category tag\">No 13 - Relation \u00e9ducative et familiale<\/a><\/td><td>1985-07-01 03:08:00<\/td><\/tr><tr><td><a href=\"https:\/\/recherche-action.fr\/revue-peps\/1985\/03\/01\/no-12-sommaire-edito\/\">No 12 &#8211; Sommaire\/Edito<\/a><\/td><td>Syndicats, associations : quelles r\u00e9ponses face aux mutations du social ? Sommaire L&rsquo;INSERTION DOUCE Les &hellip;<\/td><td>1985\/03\/01<\/td><td><a href=\"https:\/\/recherche-action.fr\/revue-peps\/author\/lisra\/\" title=\"Articles de lisra\" rel=\"author\">lisra<\/a><\/td><td><a href=\"https:\/\/recherche-action.fr\/revue-peps\/category\/syndicats-associations-quelles-reponses-face-aux-mutations-du-social\/\" rel=\"category tag\">No 12 - Syndicats, associations : quelles r\u00e9ponses face aux mutations du social ?<\/a><\/td><td>1985-03-01 23:14:00<\/td><\/tr><tr><td><a href=\"https:\/\/recherche-action.fr\/revue-peps\/1985\/01\/13\/no-11-sommaire-edito\/\">No 11- Sommaire \/ Edito<\/a><\/td><td>Les \u00e9lus face au social Sommaire REGARD PROFESSIONNEL A L&rsquo;\u00c9TRANGER ET OUTRE-MER Ile de La &hellip;<\/td><td>1985\/01\/13<\/td><td><a href=\"https:\/\/recherche-action.fr\/revue-peps\/author\/lisra\/\" title=\"Articles de lisra\" rel=\"author\">lisra<\/a><\/td><td><a href=\"https:\/\/recherche-action.fr\/revue-peps\/category\/no-11-les-elus-face-au-social\/\" rel=\"category tag\">No 11 - les \u00e9lus face au social<\/a><\/td><td>1985-01-13 19:42:00<\/td><\/tr><tr><td><a href=\"https:\/\/recherche-action.fr\/revue-peps\/1984\/11\/01\/no-10-sommaire-edito\/\">No 10 &#8211; Sommaire \/ Edito<\/a><\/td><td>L&rsquo;avenir du social Sommaire LA DECENTRANIMATION ou \u00ab LA PROFESSION D&rsquo;ANIMATEUR AUJOURD&rsquo;HUI\u00bbProfession relativement r\u00e9cente, peu &hellip;<\/td><td>1984\/11\/01<\/td><td><a href=\"https:\/\/recherche-action.fr\/revue-peps\/author\/lisra\/\" title=\"Articles de lisra\" rel=\"author\">lisra<\/a><\/td><td><a href=\"https:\/\/recherche-action.fr\/revue-peps\/category\/lavenir-du-social\/\" rel=\"category tag\">No 10 - L'avenir du social<\/a><\/td><td>1984-11-01 08:20:00<\/td><\/tr><tr><td><a href=\"https:\/\/recherche-action.fr\/revue-peps\/1984\/07\/01\/no-09-sommaire-edito\/\">No 09 &#8211; Sommaire \/ Edito<\/a><\/td><td>Circonscription &#8211; Coordination, quel avenir ? Sommaire Ca m&rsquo;\u00e9nerve\u00c9cho des luttesRubrique infosDroit de r\u00e9ponseDes sage-femmes &hellip;<\/td><td>1984\/07\/01<\/td><td><a href=\"https:\/\/recherche-action.fr\/revue-peps\/author\/lisra\/\" title=\"Articles de lisra\" rel=\"author\">lisra<\/a><\/td><td><a href=\"https:\/\/recherche-action.fr\/revue-peps\/category\/no-09-circonscription-coordination\/\" rel=\"category tag\">No 09 - Circonscription - Coordination<\/a><\/td><td>1984-07-01 16:14:00<\/td><\/tr><tr><td><a href=\"https:\/\/recherche-action.fr\/revue-peps\/1984\/04\/01\/no-08-sommaire-edito\/\">No 08 &#8211; Sommaire \/ Edito<\/a><\/td><td>\u00c9conomie sociale Sommaire ACTUALIT\u00c9 DU TERRAIN VOTRE LOGEMENT M&rsquo;INT\u00c9RESSEL&rsquo;histoire d&rsquo;une expulsion en plein hiver sur &hellip;<\/td><td>1984\/04\/01<\/td><td><a href=\"https:\/\/recherche-action.fr\/revue-peps\/author\/lisra\/\" title=\"Articles de lisra\" rel=\"author\">lisra<\/a><\/td><td><a href=\"https:\/\/recherche-action.fr\/revue-peps\/category\/no-08-economie-sociale\/\" rel=\"category tag\">No 08 - Economie sociale<\/a><\/td><td>1984-04-01 14:20:00<\/td><\/tr><tr><td><a href=\"https:\/\/recherche-action.fr\/revue-peps\/1984\/02\/01\/no-07-sommaire-edito\/\">No 07 &#8211; Sommaire \/ Edito<\/a><\/td><td>Vieillesse Sommaire LA PR\u00c9VENTION SUR LA. SELLETTE, MUTATION OU DISPARITIONLa pr\u00e9vention de Papa, c&rsquo;est termin\u00e9 &hellip;<\/td><td>1984\/02\/01<\/td><td><a href=\"https:\/\/recherche-action.fr\/revue-peps\/author\/lisra\/\" title=\"Articles de lisra\" rel=\"author\">lisra<\/a><\/td><td><a href=\"https:\/\/recherche-action.fr\/revue-peps\/category\/no-07-vieillesse\/\" rel=\"category tag\">No 07 - Vieillesse<\/a><\/td><td>1984-02-01 12:33:00<\/td><\/tr><tr><td><a href=\"https:\/\/recherche-action.fr\/revue-peps\/1983\/12\/01\/no-06-sommaire-edito\/\">No 06 &#8211; Sommaire \/ Edito<\/a><\/td><td>Sommaire PRATIQUES NOUVELLES LA MAISON BLEUE : UN AUTRE POSSIBLE ?Des professions diverses, avocats, psy, &hellip;<\/td><td>1983\/12\/01<\/td><td><a href=\"https:\/\/recherche-action.fr\/revue-peps\/author\/lisra\/\" title=\"Articles de lisra\" rel=\"author\">lisra<\/a><\/td><td><a href=\"https:\/\/recherche-action.fr\/revue-peps\/category\/no-06-enfance-inadaptee\/\" rel=\"category tag\">No 06 - Enfance inadapt\u00e9e<\/a><\/td><td>1983-12-01 10:03:00<\/td><\/tr><tr><td><a href=\"https:\/\/recherche-action.fr\/revue-peps\/1983\/09\/01\/no-5-sommaire-edito\/\">No 5 &#8211; Sommaire \/ Edito<\/a><\/td><td>Sommaire L&rsquo;h\u00e9bergement en question Formation : La Bourse\u2026 et la vie Tarte \u00e0 la cr\u00e8me &hellip;<\/td><td>1983\/09\/01<\/td><td><a href=\"https:\/\/recherche-action.fr\/revue-peps\/author\/lisra\/\" title=\"Articles de lisra\" rel=\"author\">lisra<\/a><\/td><td><a href=\"https:\/\/recherche-action.fr\/revue-peps\/category\/no-5-le-peps-nouveau-est-arrive\/\" rel=\"category tag\">No 05 - Le PEPS nouveau est arriv\u00e9<\/a><\/td><td>1983-09-01 15:11:00<\/td><\/tr><tr><td><a href=\"https:\/\/recherche-action.fr\/revue-peps\/1983\/05\/01\/no-4-sommaire-edito\/\">No 04 &#8211; Sommaire \/ Edito<\/a><\/td><td>Travail social, des professions qui se cherchent Sommaire Paroles Perdues !\u2026 Paroles Vol\u00e9es ! Apr\u00e8s &hellip;<\/td><td>1983\/05\/01<\/td><td><a href=\"https:\/\/recherche-action.fr\/revue-peps\/author\/lisra\/\" title=\"Articles de lisra\" rel=\"author\">lisra<\/a><\/td><td><a href=\"https:\/\/recherche-action.fr\/revue-peps\/category\/no-04-travail-social-des-professions-qui-se-cherchent\/\" rel=\"category tag\">No 04 - Travail social, des professions qui se cherchent<\/a><\/td><td>1983-05-01 18:22:00<\/td><\/tr><tr><td><a href=\"https:\/\/recherche-action.fr\/revue-peps\/1983\/03\/01\/no-3-sommaire-edito\/\">No 03 &#8211; Sommaire \/ Edito<\/a><\/td><td>Sommaire Edito P 3 Paroles aux livres p 4 Petites annonces P 5 DOSSIER : &hellip;<\/td><td>1983\/03\/01<\/td><td><a href=\"https:\/\/recherche-action.fr\/revue-peps\/author\/lisra\/\" title=\"Articles de lisra\" rel=\"author\">lisra<\/a><\/td><td><a href=\"https:\/\/recherche-action.fr\/revue-peps\/category\/no-3-quelles-formations-pour-quels-travailleurs-sociaux\/\" rel=\"category tag\">No 03 - Quelles formations pour quels travailleurs sociaux<\/a><\/td><td>1983-03-01 17:18:00<\/td><\/tr><tr><td><a href=\"https:\/\/recherche-action.fr\/revue-peps\/1982\/11\/12\/no-1-sommaire-edito\/\">No 01 &#8211; Sommaire \/ Edito<\/a><\/td><td>Sommaire Ce n&rsquo;est qu&rsquo;un au revoir P.4 L&rsquo;argent :lien social ou institutionnalisation de la d\u00e9pendance &hellip;<\/td><td>1982\/11\/12<\/td><td><a href=\"https:\/\/recherche-action.fr\/revue-peps\/author\/lisra\/\" title=\"Articles de lisra\" rel=\"author\">lisra<\/a><\/td><td><a href=\"https:\/\/recherche-action.fr\/revue-peps\/category\/no-1-decentralisation-la-paille-et-le-grain\/\" rel=\"category tag\">No 01 - D\u00e9centralisation : la paille et le grain<\/a><\/td><td>1982-11-12 18:03:00<\/td><\/tr><tr><td><a href=\"https:\/\/recherche-action.fr\/revue-peps\/1982\/01\/01\/no-2-sommaire-edito\/\">No 02 &#8211; Sommaire . Edito<\/a><\/td><td>Sommaire A propos des formations 16-18 ans : \u00abUn m\u00e9tier pour r\u00e9ussir, peut-\u00eatre ?\u00bb\u00a0 P.4 &hellip;<\/td><td>1982\/01\/01<\/td><td><a href=\"https:\/\/recherche-action.fr\/revue-peps\/author\/lisra\/\" title=\"Articles de lisra\" rel=\"author\">lisra<\/a><\/td><td><a href=\"https:\/\/recherche-action.fr\/revue-peps\/category\/no-2-ilots-sensibles-de-letat-providence-au-quartier-de-solidarite\/\" rel=\"category tag\">No 02 - Ilots sensibles : de l\u2019\u00c9tat providence au quartier de solidarit\u00e9<\/a><\/td><td>1982-01-01 17:55:00<\/td><\/tr><\/tbody><\/table>\n","protected":false},"excerpt":{"rendered":"","protected":false},"author":1,"featured_media":0,"parent":0,"menu_order":0,"comment_status":"closed","ping_status":"closed","template":"template-page-builder.php","meta":{"footnotes":""},"ppma_author":[2],"class_list":["post-351","page","type-page","status-publish"],"jetpack_sharing_enabled":true,"post_mailing_queue_ids":[],"_links":{"self":[{"href":"https:\/\/recherche-action.fr\/revue-peps\/wp-json\/wp\/v2\/pages\/351","targetHints":{"allow":["GET"]}}],"collection":[{"href":"https:\/\/recherche-action.fr\/revue-peps\/wp-json\/wp\/v2\/pages"}],"about":[{"href":"https:\/\/recherche-action.fr\/revue-peps\/wp-json\/wp\/v2\/types\/page"}],"author":[{"embeddable":true,"href":"https:\/\/recherche-action.fr\/revue-peps\/wp-json\/wp\/v2\/users\/1"}],"replies":[{"embeddable":true,"href":"https:\/\/recherche-action.fr\/revue-peps\/wp-json\/wp\/v2\/comments?post=351"}],"version-history":[{"count":0,"href":"https:\/\/recherche-action.fr\/revue-peps\/wp-json\/wp\/v2\/pages\/351\/revisions"}],"wp:attachment":[{"href":"https:\/\/recherche-action.fr\/revue-peps\/wp-json\/wp\/v2\/media?parent=351"}],"wp:term":[{"taxonomy":"author","embeddable":true,"href":"https:\/\/recherche-action.fr\/revue-peps\/wp-json\/wp\/v2\/ppma_author?post=351"}],"curies":[{"name":"wp","href":"https:\/\/api.w.org\/{rel}","templated":true}]}}